{"id":922,"date":"2025-06-11T09:47:51","date_gmt":"2025-06-11T07:47:51","guid":{"rendered":"https:\/\/webshop.direktenergy.eu\/?post_type=product&#038;p=922"},"modified":"2026-03-25T12:29:42","modified_gmt":"2026-03-25T11:29:42","slug":"plugy-bn-30-11-kw-autotolto-basic-valtozat","status":"publish","type":"product","link":"https:\/\/webshop.direktenergy.eu\/hu\/termek\/plugy-bn-30-11-kw-autotolto-basic-valtozat\/","title":{"rendered":"PLUGY BN 30 11 KW aut\u00f3t\u00f6lt\u0151 basic v\u00e1ltozat"},"content":{"rendered":"<div class=\"woocommerce-product-details__short-description\">\n<p>Elektromos aut\u00f3 fali t\u00f6lt\u0151 Type2-es csatlakoz\u00f3val \u00e9s 5 m k\u00e1bellel<\/p>\n<p>V\u00e9dje elektromos aut\u00f3j\u00e1t t\u00f6lt\u00e9s k\u00f6zben!<\/p>\n<p>Ide\u00e1lis v\u00e1laszt\u00e1s b\u00e1rmely elektromos vagy plug-in hibrid aut\u00f3hoz. Egy \u00e9s h\u00e1rom f\u00e1zisr\u00f3l is \u00fczemeltethet\u0151. Az EU-ban \u00e9rv\u00e9nyes IEC szabv\u00e1ny szerint kompatibilis az \u00f6sszes Type2-es t\u00edpus\u00fa eletromos j\u00e1rm\u0171vel.<\/p>\n<p>6mA marad\u00e9k\u00e1ram v\u00e9delem<\/p>\n<p>A dobozban egy 11 kW-os Type2-es EV t\u00f6lt\u0151t, 5m hossz\u00fa t\u00f6lt\u0151k\u00e1bellel, k\u00e1beltart\u00f3 kamp\u00f3t, szerel\u00e9si tartoz\u00e9kokat tal\u00e1l.<\/p>\n<p>Diz\u00e1jnos, letisztult formaterve exkluz\u00edv megjelen\u00e9st biztos\u00edt a fali t\u00f6lt\u0151nek.<\/p>\n<p>IP66 v\u00e9delmi oszt\u00e1ly\u00fa, \u00edgy k\u00fcl- \u00e9s belt\u00e9ren is egyar\u00e1nt felszerelhet\u0151 \u00e9s haszn\u00e1lhat\u00f3.<\/p>\n<\/div>\n","protected":false},"excerpt":{"rendered":"<p><strong>Elektromos Aut\u00f3 Fali T\u00f6lt\u0151 Type2 Csatlakoz\u00f3val \u00e9s 5 m K\u00e1bellel<\/strong><\/p>\n<p>A vil\u00e1g vezet\u0151 BESEN t\u00f6lt\u0151gy\u00e1rt\u00f3j\u00e1nak term\u00e9ke, amelyet c\u00e9g\u00fcnk egyedi ig\u00e9nyeihez igaz\u00edtva k\u00e9sz\u00edtettek el.<\/p>\n<p>Ez az elektromos aut\u00f3 fali t\u00f6lt\u0151 ide\u00e1lis v\u00e1laszt\u00e1s minden elektromos \u00e9s plug-in hibrid aut\u00f3 tulajdonos sz\u00e1m\u00e1ra. Az eszk\u00f6z egy- \u00e9s h\u00e1romf\u00e1zis\u00fa \u00fczemeltet\u00e9sre is alkalmas, \u00e9s teljes m\u00e9rt\u00e9kben megfelel az EU-ban \u00e9rv\u00e9nyes IEC szabv\u00e1nyoknak, \u00edgy kompatibilis az \u00f6sszes Type2-es t\u00edpus\u00fa elektromos j\u00e1rm\u0171vel.<\/p>\n<p><strong>Jellemz\u0151k:<\/strong><\/p>\n<ul>\n<li><strong>Biztons\u00e1g:<\/strong> Be\u00e9p\u00edtett 6mA marad\u00e9k\u00e1ram v\u00e9delem biztos\u00edtja a biztons\u00e1gos t\u00f6lt\u00e9st.<\/li>\n<li><strong>Kieg\u00e9sz\u00edt\u0151k:<\/strong> A csomag tartalmaz egy 11 kW-os Type2-es EV t\u00f6lt\u0151t 5 m hossz\u00fa t\u00f6lt\u0151k\u00e1bellel, k\u00e1beltart\u00f3 kamp\u00f3val \u00e9s szerel\u00e9si tartoz\u00e9kokkal.<\/li>\n<li><strong>Exkluz\u00edv diz\u00e1jn:<\/strong> Letisztult \u00e9s eleg\u00e1ns formatervez\u00e9s, amely exkluz\u00edv megjelen\u00e9st biztos\u00edt a fali t\u00f6lt\u0151 sz\u00e1m\u00e1ra.<\/li>\n<li><strong>V\u00e9delem \u00e9s telep\u00edt\u00e9s:<\/strong> Az IP66 v\u00e9delmi oszt\u00e1lynak k\u00f6sz\u00f6nhet\u0151en a t\u00f6lt\u0151 k\u00fcl- \u00e9s belt\u00e9ren egyar\u00e1nt felszerelhet\u0151 \u00e9s haszn\u00e1lhat\u00f3, biztos\u00edtva a tart\u00f3ss\u00e1got \u00e9s az id\u0151j\u00e1r\u00e1s\u00e1ll\u00f3s\u00e1got.<\/li>\n<\/ul>\n<p>Ez az elektromos aut\u00f3 fali t\u00f6lt\u0151 t\u00f6k\u00e9letes megold\u00e1s azok sz\u00e1m\u00e1ra, akik megb\u00edzhat\u00f3 \u00e9s k\u00f6nnyen kezelhet\u0151 t\u00f6lt\u00e9si lehet\u0151s\u00e9get keresnek j\u00e1rm\u0171v\u00fckh\u00f6z, legyen az otthoni vagy kereskedelmi k\u00f6rnyezetben.<\/p>\n","protected":false},"featured_media":592,"template":"","meta":[],"pwb-brand":[70],"product_brand":[],"product_cat":[22],"product_tag":[],"class_list":{"0":"post-922","1":"product","2":"type-product","3":"status-publish","4":"has-post-thumbnail","6":"pwb-brand-plugy","7":"product_cat-elektromos-auto-fali-tolto","10":"first","11":"instock","12":"sale","13":"featured","14":"taxable","15":"shipping-taxable","16":"purchasable","17":"product-type-simple"},"brands":[{"id":70,"name":"PLUGY","slug":"plugy"}],"_links":{"self":[{"href":"https:\/\/webshop.direktenergy.eu\/hu\/wp-json\/wp\/v2\/product\/922","targetHints":{"allow":["GET"]}}],"collection":[{"href":"https:\/\/webshop.direktenergy.eu\/hu\/wp-json\/wp\/v2\/product"}],"about":[{"href":"https:\/\/webshop.direktenergy.eu\/hu\/wp-json\/wp\/v2\/types\/product"}],"wp:featuredmedia":[{"embeddable":true,"href":"https:\/\/webshop.direktenergy.eu\/hu\/wp-json\/wp\/v2\/media\/592"}],"wp:attachment":[{"href":"https:\/\/webshop.direktenergy.eu\/hu\/wp-json\/wp\/v2\/media?parent=922"}],"wp:term":[{"taxonomy":"pwb-brand","embeddable":true,"href":"https:\/\/webshop.direktenergy.eu\/hu\/wp-json\/wp\/v2\/pwb-brand?post=922"},{"taxonomy":"product_brand","embeddable":true,"href":"https:\/\/webshop.direktenergy.eu\/hu\/wp-json\/wp\/v2\/product_brand?post=922"},{"taxonomy":"product_cat","embeddable":true,"href":"https:\/\/webshop.direktenergy.eu\/hu\/wp-json\/wp\/v2\/product_cat?post=922"},{"taxonomy":"product_tag","embeddable":true,"href":"https:\/\/webshop.direktenergy.eu\/hu\/wp-json\/wp\/v2\/product_tag?post=922"}],"curies":[{"name":"wp","href":"https:\/\/api.w.org\/{rel}","templated":true}]}}